{"id":246,"date":"2026-02-22T17:57:01","date_gmt":"2026-02-22T16:57:01","guid":{"rendered":"https:\/\/bartkowka.przemyska.pl\/?page_id=246"},"modified":"2026-02-23T14:32:02","modified_gmt":"2026-02-23T13:32:02","slug":"dekanat","status":"publish","type":"page","link":"https:\/\/bartkowka.przemyska.pl\/?page_id=246","title":{"rendered":"Dekanat"},"content":{"rendered":"\t\t<div data-elementor-type=\"wp-page\" data-elementor-id=\"246\" class=\"elementor elementor-246\">\n\t\t\t\t<div class=\"elementor-element elementor-element-1bf1396 e-flex e-con-boxed e-con e-parent\" data-id=\"1bf1396\" data-element_type=\"container\" data-e-type=\"container\">\n\t\t\t\t\t<div class=\"e-con-inner\">\n\t\t\t\t<div class=\"elementor-element elementor-element-3f4d01b elementor-widget elementor-widget-heading\" data-id=\"3f4d01b\" data-element_type=\"widget\" data-e-type=\"widget\" data-widget_type=\"heading.default\">\n\t\t\t\t\t<h2 class=\"elementor-heading-title elementor-size-default\">Dekanat Dyn\u00f3w<\/h2>\t\t\t\t<\/div>\n\t\t\t\t<div class=\"elementor-element elementor-element-6c90322 elementor-widget elementor-widget-text-editor\" data-id=\"6c90322\" data-element_type=\"widget\" data-e-type=\"widget\" data-widget_type=\"text-editor.default\">\n\t\t\t\t\t\t\t\t\t<p>W 1594 roku bp Wawrzyniec Go\u015blicki utworzy\u0142 dekanat dynowski, w kt\u00f3rego sk\u0142ad wesz\u0142y parafie: Dyn\u00f3w, Bach\u00f3rzec, B\u0142a\u017cowa, Borek Stary, Chmielnik, Dubiecko, Dyl\u0105gowa, Futoma, Harta, Hy\u017cne, Izdebki, Jawornik Polski, \u0141ubno, Nozdrzec, Weso\u0142a.<\/p><p>W 1784 roku na mocy reform j\u00f3zefi\u0144skich, w\u0142adze zaboru austriackiego zlikwidowa\u0142y dekanat dynowski, a parafie wesz\u0142y w sk\u0142ad dekanat\u00f3w:<br \/>brzozowskiego &#8211; Dyn\u00f3w, Bach\u00f3rzec, Dyl\u0105gowa, Izdebki, Harta, \u0141ubno, Nozdrzec, Weso\u0142a.<br \/>rzeszowskiego &#8211; Borek Stary, Chmielnik.<br \/>kro\u015bnie\u0144skiego (eksterytorialnie) &#8211; B\u0142a\u017cowa, Futoma.<br \/>ka\u0144czuckiego (od 1787 przeworskiego) &#8211; Jawornik Polski.<br \/><br \/>W 1874 roku bp Maciej Hirschler odtworzy\u0142 dekanat dynowski, w kt\u00f3rego sk\u0142ad wesz\u0142y parafie z wydzielonego terytorium dekanat\u00f3w:<br \/>brzozowskiego &#8211; Dyn\u00f3w, Bach\u00f3rzec, Dubiecko, Dyl\u0105gowa, Harta, \u0141ubno, Nozdrzec, Weso\u0142a, Bach\u00f3rz Filia.<br \/>strzy\u017cowskiego &#8211; B\u0142a\u017cowa, Futoma.<br \/>przeworskiego &#8211; Jawornik Polski.<br \/>Pierwszym dziekanem zosta\u0142 ks. Wojciech St\u0119pek proboszcz w Domaradzu. Kolejnymi dziekanami byli m.in.: ks. Wojciech Stachyrak, ks. J\u00f3zef O\u017c\u00f3g, ks. pra\u0142. Stanis\u0142aw Janusz (do 2021).<\/p>\t\t\t\t\t\t\t\t<\/div>\n\t\t\t\t<div class=\"elementor-element elementor-element-23c284b elementor-widget elementor-widget-text-editor\" data-id=\"23c284b\" data-element_type=\"widget\" data-e-type=\"widget\" data-widget_type=\"text-editor.default\">\n\t\t\t\t\t\t\t\t\t<p><strong>BARTK\u00d3WKA<\/strong><br \/>pw. \u015bw. Bart\u0142omieja<br \/>Bartk\u00f3wka, 36-065 DYN\u00d3W<br \/>tel. 16 652 19 06<\/p><p><strong>DYL\u0104GOWA<\/strong><br \/>pw. \u015bw. Zofii<br \/>Dyl\u0105gowa 176, 37-759 DYL\u0104GOWA<br \/>tel. 16 652 35 02<br \/>Ko\u015bci\u00f3\u0142 filialny: Paw\u0142okoma<\/p><p><strong>DYN\u00d3W<\/strong><br \/>pw. \u015bw. Wawrzy\u0144ca<br \/>ul. Ks. J\u00f3zefa O\u017coga 8, 36-065 DYN\u00d3W<br \/>tel. 16 652 28 00<\/p><p><strong>HARTA<\/strong><br \/>pw. \u015bw. Miko\u0142aja Biskupa<br \/>Harta 431, 36-067 HARTA<br \/>tel. 16 652 17 65<br \/>Ko\u015bci\u00f3\u0142 filialny: Harta G\u00f3rna<\/p><p><strong>H\u0141UDNO<\/strong><br \/>pw. \u015bw. Klary<br \/>H\u0142udno 83, 36-245 NOZDRZEC<br \/>tel. 13 439 80 74<\/p><p><strong>\u0141UBNO<\/strong><br \/>pw. \u015bw. Jana Chrzciciela<br \/>\u0141ubno, 36-065 DYN\u00d3W<br \/>tel. 16 6521034<\/p><p><strong>NOZDRZEC<\/strong><br \/>pw. \u015bw. Stanis\u0142awa Biskupa<br \/>Nozdrzec 72, 36-245 NOZDRZEC<br \/>tel. 13 439 80 05<br \/>www.nozdrzec.przemysl.opoka.org.pl<\/p><p><strong>SIEDLISKA<\/strong><br \/>pw. NMP Kr\u00f3lowej Polski<br \/>Siedliska 26, 36-244 SIEDLISKA<br \/>tel. 13 4398039<br \/>Ko\u015bcio\u0142y filialne: D\u0105br\u00f3wka, Huta Por\u0119by<\/p><p><strong>SZKLARY<\/strong><br \/>pw. Nawiedzenia NMP<br \/>Szklary 167, 36-025 DYL\u0104G\u00d3WKA<br \/>tel. 17 229 54 15<\/p><p><strong>ULANICA<\/strong><br \/>pw. \u015bw. J\u00f3zefa Robotnika<br \/>Ulanica 29, 36-065 DYN\u00d3W<br \/>tel. 16 652 37 65<\/p><p><strong>WARA<\/strong><br \/>pw. Podwy\u017cszenia Krzy\u017ca \u015awi\u0119tego<br \/>Wara, 36-245 NOZDRZEC<br \/>tel. 16 439 85 30<br \/>Ko\u015bci\u00f3\u0142 filialny: Niewistka<\/p><p><strong>WESO\u0141A<\/strong><br \/>pw. \u015bw. Katarzyny<br \/>Weso\u0142a, 36-233 WESO\u0141A<br \/>tel. 13 439 82 04<br \/>Ko\u015bci\u00f3\u0142 filialny: Magier\u00f3w<\/p>\t\t\t\t\t\t\t\t<\/div>\n\t\t\t\t\t<\/div>\n\t\t\t\t<\/div>\n\t\t\t\t<\/div>\n\t\t","protected":false},"excerpt":{"rendered":"<p>Dekanat Dyn\u00f3w W 1594 roku bp Wawrzyniec Go\u015blicki utworzy\u0142 dekanat dynowski, w kt\u00f3rego sk\u0142ad wesz\u0142y parafie: Dyn\u00f3w, Bach\u00f3rzec, B\u0142a\u017cowa, Borek [&hellip;]<\/p>\n","protected":false},"author":1,"featured_media":0,"parent":0,"menu_order":0,"comment_status":"closed","ping_status":"closed","template":"","meta":{"site-sidebar-layout":"no-sidebar","site-content-layout":"","ast-site-content-layout":"full-width-container","site-content-style":"default","site-sidebar-style":"default","ast-global-header-display":"","ast-banner-title-visibility":"","ast-main-header-display":"","ast-hfb-above-header-display":"","ast-hfb-below-header-display":"","ast-hfb-mobile-header-display":"","site-post-title":"disabled","ast-breadcrumbs-content":"","ast-featured-img":"disabled","footer-sml-layout":"","ast-disable-related-posts":"","theme-transparent-header-meta":"","adv-header-id-meta":"","stick-header-meta":"","header-above-stick-meta":"","header-main-stick-meta":"","header-below-stick-meta":"","astra-migrate-meta-layouts":"default","ast-page-background-enabled":"default","ast-page-background-meta":{"desktop":{"background-color":"var(--ast-global-color-5)","background-image":"","background-repeat":"repeat","background-position":"center center","background-size":"auto","background-attachment":"scroll","background-type":"","background-media":"","overlay-type":"","overlay-color":"","overlay-opacity":"","overlay-gradient":""},"tablet":{"background-color":"","background-image":"","background-repeat":"repeat","background-position":"center center","background-size":"auto","background-attachment":"scroll","background-type":"","background-media":"","overlay-type":"","overlay-color":"","overlay-opacity":"","overlay-gradient":""},"mobile":{"background-color":"","background-image":"","background-repeat":"repeat","background-position":"center center","background-size":"auto","background-attachment":"scroll","background-type":"","background-media":"","overlay-type":"","overlay-color":"","overlay-opacity":"","overlay-gradient":""}},"ast-content-background-meta":{"desktop":{"background-color":"var(--ast-global-color-4)","background-image":"","background-repeat":"repeat","background-position":"center center","background-size":"auto","background-attachment":"scroll","background-type":"","background-media":"","overlay-type":"","overlay-color":"","overlay-opacity":"","overlay-gradient":""},"tablet":{"background-color":"var(--ast-global-color-4)","background-image":"","background-repeat":"repeat","background-position":"center center","background-size":"auto","background-attachment":"scroll","background-type":"","background-media":"","overlay-type":"","overlay-color":"","overlay-opacity":"","overlay-gradient":""},"mobile":{"background-color":"var(--ast-global-color-4)","background-image":"","background-repeat":"repeat","background-position":"center center","background-size":"auto","background-attachment":"scroll","background-type":"","background-media":"","overlay-type":"","overlay-color":"","overlay-opacity":"","overlay-gradient":""}},"footnotes":""},"class_list":["post-246","page","type-page","status-publish","hentry"],"yoast_head":"<!-- This site is optimized with the Yoast SEO plugin v27.4 - https:\/\/yoast.com\/product\/yoast-seo-wordpress\/ -->\n<title>Dekanat - Parafia pw. \u015bw. Bart\u0142omieja w Dynowie<\/title>\n<meta name=\"robots\" content=\"index, follow, max-snippet:-1, max-image-preview:large, max-video-preview:-1\" \/>\n<link rel=\"canonical\" href=\"https:\/\/bartkowka.przemyska.pl\/?page_id=246\" \/>\n<meta property=\"og:locale\" content=\"pl_PL\" \/>\n<meta property=\"og:type\" content=\"article\" \/>\n<meta property=\"og:title\" content=\"Dekanat - Parafia pw. \u015bw. Bart\u0142omieja w Dynowie\" \/>\n<meta property=\"og:description\" content=\"Dekanat Dyn\u00f3w W 1594 roku bp Wawrzyniec Go\u015blicki utworzy\u0142 dekanat dynowski, w kt\u00f3rego sk\u0142ad wesz\u0142y parafie: Dyn\u00f3w, Bach\u00f3rzec, B\u0142a\u017cowa, Borek [&hellip;]\" \/>\n<meta property=\"og:url\" content=\"https:\/\/bartkowka.przemyska.pl\/?page_id=246\" \/>\n<meta property=\"og:site_name\" content=\"Parafia pw. \u015bw. Bart\u0142omieja w Dynowie\" \/>\n<meta property=\"article:publisher\" content=\"https:\/\/www.facebook.com\/p\/Parafia-w-Bartomieja-w-Bartkwce-100071277346388\/\" \/>\n<meta property=\"article:modified_time\" content=\"2026-02-23T13:32:02+00:00\" \/>\n<meta property=\"og:image\" content=\"https:\/\/bartkowka.przemyska.pl\/wp-content\/uploads\/2026\/02\/kosciol.webp\" \/>\n\t<meta property=\"og:image:width\" content=\"2560\" \/>\n\t<meta property=\"og:image:height\" content=\"1920\" \/>\n\t<meta property=\"og:image:type\" content=\"image\/webp\" \/>\n<meta name=\"twitter:card\" content=\"summary_large_image\" \/>\n<meta name=\"twitter:label1\" content=\"Szacowany czas czytania\" \/>\n\t<meta name=\"twitter:data1\" content=\"2 minuty\" \/>\n<script type=\"application\/ld+json\" class=\"yoast-schema-graph\">{\"@context\":\"https:\\\/\\\/schema.org\",\"@graph\":[{\"@type\":\"WebPage\",\"@id\":\"https:\\\/\\\/bartkowka.przemyska.pl\\\/?page_id=246\",\"url\":\"https:\\\/\\\/bartkowka.przemyska.pl\\\/?page_id=246\",\"name\":\"Dekanat - Parafia pw. \u015bw. Bart\u0142omieja w Dynowie\",\"isPartOf\":{\"@id\":\"https:\\\/\\\/bartkowka.przemyska.pl\\\/#website\"},\"datePublished\":\"2026-02-22T16:57:01+00:00\",\"dateModified\":\"2026-02-23T13:32:02+00:00\",\"breadcrumb\":{\"@id\":\"https:\\\/\\\/bartkowka.przemyska.pl\\\/?page_id=246#breadcrumb\"},\"inLanguage\":\"pl-PL\",\"potentialAction\":[{\"@type\":\"ReadAction\",\"target\":[\"https:\\\/\\\/bartkowka.przemyska.pl\\\/?page_id=246\"]}]},{\"@type\":\"BreadcrumbList\",\"@id\":\"https:\\\/\\\/bartkowka.przemyska.pl\\\/?page_id=246#breadcrumb\",\"itemListElement\":[{\"@type\":\"ListItem\",\"position\":1,\"name\":\"Strona g\u0142\u00f3wna\",\"item\":\"https:\\\/\\\/bartkowka.przemyska.pl\\\/\"},{\"@type\":\"ListItem\",\"position\":2,\"name\":\"Dekanat\"}]},{\"@type\":\"WebSite\",\"@id\":\"https:\\\/\\\/bartkowka.przemyska.pl\\\/#website\",\"url\":\"https:\\\/\\\/bartkowka.przemyska.pl\\\/\",\"name\":\"Parafia pw. \u015bw. Bart\u0142omieja w Dynowie\",\"description\":\"Strona internetowa Parafii pod wezwaniem \u015bwi\u0119tego Bart\u0142omieja w Dynowie - informacje, og\u0142oszenia duszpasterskie, intencje mszalne, aktualno\u015bci, galeria i kontakt.\",\"publisher\":{\"@id\":\"https:\\\/\\\/bartkowka.przemyska.pl\\\/#organization\"},\"alternateName\":\"Parafia Bartk\u00f3wka\",\"potentialAction\":[{\"@type\":\"SearchAction\",\"target\":{\"@type\":\"EntryPoint\",\"urlTemplate\":\"https:\\\/\\\/bartkowka.przemyska.pl\\\/?s={search_term_string}\"},\"query-input\":{\"@type\":\"PropertyValueSpecification\",\"valueRequired\":true,\"valueName\":\"search_term_string\"}}],\"inLanguage\":\"pl-PL\"},{\"@type\":\"Organization\",\"@id\":\"https:\\\/\\\/bartkowka.przemyska.pl\\\/#organization\",\"name\":\"Parafia pw. \u015bw. Bart\u0142omieja w Dynowie\",\"alternateName\":\"Parafia Bartk\u00f3wka\",\"url\":\"https:\\\/\\\/bartkowka.przemyska.pl\\\/\",\"logo\":{\"@type\":\"ImageObject\",\"inLanguage\":\"pl-PL\",\"@id\":\"https:\\\/\\\/bartkowka.przemyska.pl\\\/#\\\/schema\\\/logo\\\/image\\\/\",\"url\":\"https:\\\/\\\/bartkowka.przemyska.pl\\\/wp-content\\\/uploads\\\/2026\\\/02\\\/cropped-logo.png\",\"contentUrl\":\"https:\\\/\\\/bartkowka.przemyska.pl\\\/wp-content\\\/uploads\\\/2026\\\/02\\\/cropped-logo.png\",\"width\":512,\"height\":512,\"caption\":\"Parafia pw. \u015bw. Bart\u0142omieja w Dynowie\"},\"image\":{\"@id\":\"https:\\\/\\\/bartkowka.przemyska.pl\\\/#\\\/schema\\\/logo\\\/image\\\/\"},\"sameAs\":[\"https:\\\/\\\/www.facebook.com\\\/p\\\/Parafia-w-Bartomieja-w-Bartkwce-100071277346388\\\/\"]}]}<\/script>\n<!-- \/ Yoast SEO plugin. -->","yoast_head_json":{"title":"Dekanat - Parafia pw. \u015bw. Bart\u0142omieja w Dynowie","robots":{"index":"index","follow":"follow","max-snippet":"max-snippet:-1","max-image-preview":"max-image-preview:large","max-video-preview":"max-video-preview:-1"},"canonical":"https:\/\/bartkowka.przemyska.pl\/?page_id=246","og_locale":"pl_PL","og_type":"article","og_title":"Dekanat - Parafia pw. \u015bw. Bart\u0142omieja w Dynowie","og_description":"Dekanat Dyn\u00f3w W 1594 roku bp Wawrzyniec Go\u015blicki utworzy\u0142 dekanat dynowski, w kt\u00f3rego sk\u0142ad wesz\u0142y parafie: Dyn\u00f3w, Bach\u00f3rzec, B\u0142a\u017cowa, Borek [&hellip;]","og_url":"https:\/\/bartkowka.przemyska.pl\/?page_id=246","og_site_name":"Parafia pw. \u015bw. Bart\u0142omieja w Dynowie","article_publisher":"https:\/\/www.facebook.com\/p\/Parafia-w-Bartomieja-w-Bartkwce-100071277346388\/","article_modified_time":"2026-02-23T13:32:02+00:00","og_image":[{"width":2560,"height":1920,"url":"https:\/\/bartkowka.przemyska.pl\/wp-content\/uploads\/2026\/02\/kosciol.webp","type":"image\/webp"}],"twitter_card":"summary_large_image","twitter_misc":{"Szacowany czas czytania":"2 minuty"},"schema":{"@context":"https:\/\/schema.org","@graph":[{"@type":"WebPage","@id":"https:\/\/bartkowka.przemyska.pl\/?page_id=246","url":"https:\/\/bartkowka.przemyska.pl\/?page_id=246","name":"Dekanat - Parafia pw. \u015bw. Bart\u0142omieja w Dynowie","isPartOf":{"@id":"https:\/\/bartkowka.przemyska.pl\/#website"},"datePublished":"2026-02-22T16:57:01+00:00","dateModified":"2026-02-23T13:32:02+00:00","breadcrumb":{"@id":"https:\/\/bartkowka.przemyska.pl\/?page_id=246#breadcrumb"},"inLanguage":"pl-PL","potentialAction":[{"@type":"ReadAction","target":["https:\/\/bartkowka.przemyska.pl\/?page_id=246"]}]},{"@type":"BreadcrumbList","@id":"https:\/\/bartkowka.przemyska.pl\/?page_id=246#breadcrumb","itemListElement":[{"@type":"ListItem","position":1,"name":"Strona g\u0142\u00f3wna","item":"https:\/\/bartkowka.przemyska.pl\/"},{"@type":"ListItem","position":2,"name":"Dekanat"}]},{"@type":"WebSite","@id":"https:\/\/bartkowka.przemyska.pl\/#website","url":"https:\/\/bartkowka.przemyska.pl\/","name":"Parafia pw. \u015bw. Bart\u0142omieja w Dynowie","description":"Strona internetowa Parafii pod wezwaniem \u015bwi\u0119tego Bart\u0142omieja w Dynowie - informacje, og\u0142oszenia duszpasterskie, intencje mszalne, aktualno\u015bci, galeria i kontakt.","publisher":{"@id":"https:\/\/bartkowka.przemyska.pl\/#organization"},"alternateName":"Parafia Bartk\u00f3wka","potentialAction":[{"@type":"SearchAction","target":{"@type":"EntryPoint","urlTemplate":"https:\/\/bartkowka.przemyska.pl\/?s={search_term_string}"},"query-input":{"@type":"PropertyValueSpecification","valueRequired":true,"valueName":"search_term_string"}}],"inLanguage":"pl-PL"},{"@type":"Organization","@id":"https:\/\/bartkowka.przemyska.pl\/#organization","name":"Parafia pw. \u015bw. Bart\u0142omieja w Dynowie","alternateName":"Parafia Bartk\u00f3wka","url":"https:\/\/bartkowka.przemyska.pl\/","logo":{"@type":"ImageObject","inLanguage":"pl-PL","@id":"https:\/\/bartkowka.przemyska.pl\/#\/schema\/logo\/image\/","url":"https:\/\/bartkowka.przemyska.pl\/wp-content\/uploads\/2026\/02\/cropped-logo.png","contentUrl":"https:\/\/bartkowka.przemyska.pl\/wp-content\/uploads\/2026\/02\/cropped-logo.png","width":512,"height":512,"caption":"Parafia pw. \u015bw. Bart\u0142omieja w Dynowie"},"image":{"@id":"https:\/\/bartkowka.przemyska.pl\/#\/schema\/logo\/image\/"},"sameAs":["https:\/\/www.facebook.com\/p\/Parafia-w-Bartomieja-w-Bartkwce-100071277346388\/"]}]}},"_links":{"self":[{"href":"https:\/\/bartkowka.przemyska.pl\/index.php?rest_route=\/wp\/v2\/pages\/246","targetHints":{"allow":["GET"]}}],"collection":[{"href":"https:\/\/bartkowka.przemyska.pl\/index.php?rest_route=\/wp\/v2\/pages"}],"about":[{"href":"https:\/\/bartkowka.przemyska.pl\/index.php?rest_route=\/wp\/v2\/types\/page"}],"author":[{"embeddable":true,"href":"https:\/\/bartkowka.przemyska.pl\/index.php?rest_route=\/wp\/v2\/users\/1"}],"replies":[{"embeddable":true,"href":"https:\/\/bartkowka.przemyska.pl\/index.php?rest_route=%2Fwp%2Fv2%2Fcomments&post=246"}],"version-history":[{"count":7,"href":"https:\/\/bartkowka.przemyska.pl\/index.php?rest_route=\/wp\/v2\/pages\/246\/revisions"}],"predecessor-version":[{"id":364,"href":"https:\/\/bartkowka.przemyska.pl\/index.php?rest_route=\/wp\/v2\/pages\/246\/revisions\/364"}],"wp:attachment":[{"href":"https:\/\/bartkowka.przemyska.pl\/index.php?rest_route=%2Fwp%2Fv2%2Fmedia&parent=246"}],"curies":[{"name":"wp","href":"https:\/\/api.w.org\/{rel}","templated":true}]}}